{"id":2487,"date":"2024-07-23T14:18:36","date_gmt":"2024-07-23T12:18:36","guid":{"rendered":"https:\/\/bernanos.org\/?page_id=2487"},"modified":"2026-04-09T15:19:56","modified_gmt":"2026-04-09T13:19:56","slug":"les_jeunes","status":"publish","type":"page","link":"https:\/\/bernanos.org\/index.php\/les_jeunes\/","title":{"rendered":"Les Jeunes"},"content":{"rendered":"\t\t<div data-elementor-type=\"wp-page\" data-elementor-id=\"2487\" class=\"elementor elementor-2487\" data-elementor-post-type=\"page\">\n\t\t\t\t\t\t<section class=\"elementor-section elementor-top-section elementor-element elementor-element-ab58c36 elementor-section-boxed elementor-section-height-default elementor-section-height-default\" data-id=\"ab58c36\" data-element_type=\"section\" data-e-type=\"section\" data-settings=\"{&quot;background_background&quot;:&quot;classic&quot;}\">\n\t\t\t\t\t\t<div class=\"elementor-container elementor-column-gap-default\">\n\t\t\t\t\t<div class=\"elementor-column elementor-col-100 elementor-top-column elementor-element elementor-element-4df6f8e\" data-id=\"4df6f8e\" data-element_type=\"column\" data-e-type=\"column\">\n\t\t\t<div class=\"elementor-widget-wrap elementor-element-populated\">\n\t\t\t\t\t\t<div class=\"elementor-element elementor-element-93c507d elementor-widget elementor-widget-heading\" data-id=\"93c507d\" data-element_type=\"widget\" data-e-type=\"widget\" data-widget_type=\"heading.default\">\n\t\t\t\t<div class=\"elementor-widget-container\">\n\t\t\t\t\t<h1 class=\"elementor-heading-title elementor-size-default\">Les Jeunes<\/h1>\t\t\t\t<\/div>\n\t\t\t\t<\/div>\n\t\t\t\t<div class=\"elementor-element elementor-element-0616d8c elementor-widget elementor-widget-image\" data-id=\"0616d8c\" data-element_type=\"widget\" data-e-type=\"widget\" data-widget_type=\"image.default\">\n\t\t\t\t<div class=\"elementor-widget-container\">\n\t\t\t\t\t\t\t\t\t\t\t\t\t\t\t<img decoding=\"async\" src=\"https:\/\/bernanos.org\/wp-content\/uploads\/2024\/07\/Bernanos-Les_Jeunes-Hero-Photo.jpg\" title=\"Bernanos-Les_Jeunes-Hero-Photo\" alt=\"Bernanos-Les_Jeunes-Hero-Photo\" loading=\"lazy\" \/>\t\t\t\t\t\t\t\t\t\t\t\t\t\t\t<\/div>\n\t\t\t\t<\/div>\n\t\t\t\t\t<\/div>\n\t\t<\/div>\n\t\t\t\t\t<\/div>\n\t\t<\/section>\n\t\t\t\t<section class=\"elementor-section elementor-top-section elementor-element elementor-element-e34384c elementor-section-boxed elementor-section-height-default elementor-section-height-default\" data-id=\"e34384c\" data-element_type=\"section\" data-e-type=\"section\">\n\t\t\t\t\t\t<div class=\"elementor-container elementor-column-gap-default\">\n\t\t\t\t\t<div class=\"elementor-column elementor-col-100 elementor-top-column elementor-element elementor-element-f1e7114\" data-id=\"f1e7114\" data-element_type=\"column\" data-e-type=\"column\">\n\t\t\t<div class=\"elementor-widget-wrap elementor-element-populated\">\n\t\t\t\t\t\t<div class=\"elementor-element elementor-element-4e5d351 elementor-skin-carousel elementor-arrows-yes elementor-pagination-type-bullets elementor-pagination-position-outside elementor-widget elementor-widget-media-carousel\" data-id=\"4e5d351\" data-element_type=\"widget\" data-e-type=\"widget\" data-settings=\"{&quot;lazyload&quot;:&quot;yes&quot;,&quot;space_between&quot;:{&quot;unit&quot;:&quot;px&quot;,&quot;size&quot;:25,&quot;sizes&quot;:[]},&quot;space_between_tablet&quot;:{&quot;unit&quot;:&quot;px&quot;,&quot;size&quot;:25,&quot;sizes&quot;:[]},&quot;space_between_mobile&quot;:{&quot;unit&quot;:&quot;px&quot;,&quot;size&quot;:25,&quot;sizes&quot;:[]},&quot;skin&quot;:&quot;carousel&quot;,&quot;effect&quot;:&quot;slide&quot;,&quot;show_arrows&quot;:&quot;yes&quot;,&quot;pagination&quot;:&quot;bullets&quot;,&quot;speed&quot;:500,&quot;autoplay&quot;:&quot;yes&quot;,&quot;autoplay_speed&quot;:5000,&quot;loop&quot;:&quot;yes&quot;,&quot;pause_on_interaction&quot;:&quot;yes&quot;}\" data-widget_type=\"media-carousel.default\">\n\t\t\t\t<div class=\"elementor-widget-container\">\n\t\t\t\t\t\t\t<div class=\"elementor-swiper\">\n\t\t\t<div class=\"elementor-main-swiper swiper-container\">\n\t\t\t\t<div class=\"swiper-wrapper\">\n\t\t\t\t\t\t\t\t\t\t\t<div class=\"swiper-slide\">\n\t\t\t\t\t\t\t\t\t<div class=\"elementor-carousel-image swiper-lazy\" role=\"img\" aria-label=\"Bernanos-Les_Jeunes-Galerie_1-Photo_1\" data-background=\"https:\/\/bernanos.org\/wp-content\/uploads\/2024\/07\/Bernanos-Les_Jeunes-Galerie_1-Photo_1.jpg\">\n\n\t\t\t\t\t\t\t<div class=\"swiper-lazy-preloader\"><\/div>\n\t\t\t\n\t\t\t\t\t<\/div>\n\t\t\t\t\t\t\t\t<\/div>\n\t\t\t\t\t\t\t\t\t\t\t<div class=\"swiper-slide\">\n\t\t\t\t\t\t\t\t\t<div class=\"elementor-carousel-image swiper-lazy\" role=\"img\" aria-label=\"Bernanos-Les_Jeunes-Galerie_1-Photo_5\" data-background=\"https:\/\/bernanos.org\/wp-content\/uploads\/2024\/07\/Bernanos-Les_Jeunes-Galerie_1-Photo_5.jpg\">\n\n\t\t\t\t\t\t\t<div class=\"swiper-lazy-preloader\"><\/div>\n\t\t\t\n\t\t\t\t\t<\/div>\n\t\t\t\t\t\t\t\t<\/div>\n\t\t\t\t\t\t\t\t\t\t\t<div class=\"swiper-slide\">\n\t\t\t\t\t\t\t\t\t<div class=\"elementor-carousel-image swiper-lazy\" role=\"img\" aria-label=\"Bernanos-Les_Jeunes-Galerie_1-Photo_4\" data-background=\"https:\/\/bernanos.org\/wp-content\/uploads\/2024\/07\/Bernanos-Les_Jeunes-Galerie_1-Photo_4.jpg\">\n\n\t\t\t\t\t\t\t<div class=\"swiper-lazy-preloader\"><\/div>\n\t\t\t\n\t\t\t\t\t<\/div>\n\t\t\t\t\t\t\t\t<\/div>\n\t\t\t\t\t\t\t\t\t\t\t<div class=\"swiper-slide\">\n\t\t\t\t\t\t\t\t\t<div class=\"elementor-carousel-image swiper-lazy\" role=\"img\" aria-label=\"Bernanos-Les_Jeunes-Galerie_1-Photo_3\" data-background=\"https:\/\/bernanos.org\/wp-content\/uploads\/2024\/07\/Bernanos-Les_Jeunes-Galerie_1-Photo_3.jpg\">\n\n\t\t\t\t\t\t\t<div class=\"swiper-lazy-preloader\"><\/div>\n\t\t\t\n\t\t\t\t\t<\/div>\n\t\t\t\t\t\t\t\t<\/div>\n\t\t\t\t\t\t\t\t\t<\/div>\n\t\t\t\t\t\t\t\t\t\t\t\t\t\t\t<div class=\"swiper-pagination\"><\/div>\n\t\t\t\t\t\t\t\t\t\t\t\t\t\t\t\t<div class=\"elementor-swiper-button elementor-swiper-button-prev\" role=\"button\" tabindex=\"0\">\n\t\t\t\t\t\t\t<i aria-hidden=\"true\" class=\"eicon-chevron-left\"><\/i>\t\t\t\t\t\t\t<span class=\"elementor-screen-only\">Pr\u00e9c\u00e9dent<\/span>\n\t\t\t\t\t\t<\/div>\n\t\t\t\t\t\t<div class=\"elementor-swiper-button elementor-swiper-button-next\" role=\"button\" tabindex=\"0\">\n\t\t\t\t\t\t\t<i aria-hidden=\"true\" class=\"eicon-chevron-right\"><\/i>\t\t\t\t\t\t\t<span class=\"elementor-screen-only\">Suivant<\/span>\n\t\t\t\t\t\t<\/div>\n\t\t\t\t\t\t\t\t\t\t\t\t<\/div>\n\t\t<\/div>\n\t\t\t\t\t\t<\/div>\n\t\t\t\t<\/div>\n\t\t\t\t<div class=\"elementor-element elementor-element-450d56a elementor-widget elementor-widget-heading\" data-id=\"450d56a\" data-element_type=\"widget\" data-e-type=\"widget\" data-widget_type=\"heading.default\">\n\t\t\t\t<div class=\"elementor-widget-container\">\n\t\t\t\t\t<h2 class=\"elementor-heading-title elementor-size-default\">Les jeunes accueillis<\/h2>\t\t\t\t<\/div>\n\t\t\t\t<\/div>\n\t\t\t\t<div class=\"elementor-element elementor-element-31c64b0 elementor-widget elementor-widget-text-editor\" data-id=\"31c64b0\" data-element_type=\"widget\" data-e-type=\"widget\" data-widget_type=\"text-editor.default\">\n\t\t\t\t<div class=\"elementor-widget-container\">\n\t\t\t\t\t\t\t\t\t<p dir=\"ltr\" style=\"line-height: 1.38; margin-top: 12pt; margin-bottom: 12pt;\"><span style=\"font-size: 11pt; font-family: Arial, sans-serif; color: #000000; background-color: transparent; font-weight: 400; font-style: normal; font-variant-ligatures: normal; font-variant-caps: normal; font-variant-alternates: normal; font-variant-numeric: normal; font-variant-east-asian: normal; font-variant-position: normal; text-decoration: none; vertical-align: baseline; white-space: pre-wrap;\">En f\u00e9vrier 2016, un jeune Camerounais de 14 ans a frapp\u00e9 \u00e0 la porte du Centre Bernanos. Il venait d&rsquo;arriver \u00e0 Strasbourg seul, sans famille, sans droits. Dix ans plus tard, il a un m\u00e9tier, un logement \u2014 et repasse r\u00e9guli\u00e8rement \u00e0 Bernanos, sa maison. Depuis, <\/span><span style=\"font-size: 11pt; font-family: Arial, sans-serif; color: #000000; background-color: transparent; font-weight: bold; font-style: normal; font-variant-ligatures: normal; font-variant-caps: normal; font-variant-alternates: normal; font-variant-numeric: normal; font-variant-east-asian: normal; font-variant-position: normal; text-decoration: none; vertical-align: baseline; white-space: pre-wrap;\">plus de 300 jeunes<\/span><span style=\"font-size: 11pt; font-family: Arial, sans-serif; color: #000000; background-color: transparent; font-weight: 400; font-style: normal; font-variant-ligatures: normal; font-variant-caps: normal; font-variant-alternates: normal; font-variant-numeric: normal; font-variant-east-asian: normal; font-variant-position: normal; text-decoration: none; vertical-align: baseline; white-space: pre-wrap;\"> ont pouss\u00e9 cette porte.<\/span><\/p><p dir=\"ltr\" style=\"line-height: 1.38; margin-top: 12pt; margin-bottom: 12pt;\"><span style=\"font-size: 11pt; font-family: Arial, sans-serif; color: #000000; background-color: transparent; font-weight: 400; font-style: normal; font-variant-ligatures: normal; font-variant-caps: normal; font-variant-alternates: normal; font-variant-numeric: normal; font-variant-east-asian: normal; font-variant-position: normal; text-decoration: none; vertical-align: baseline; white-space: pre-wrap;\">Les jeunes accueillis au Centre Bernanos ont entre 14 et 20 ans. Ils viennent principalement d&rsquo;Afrique de l&rsquo;Ouest \u2014 Guin\u00e9e, C\u00f4te d&rsquo;Ivoire, Cameroun, Sierra Leone \u2014 et d&rsquo;Asie du Sud-Ouest \u2014 Pakistan, Afghanistan, Bangladesh. Ce sont majoritairement des jeunes gar\u00e7ons, mais le Centre accueille de plus en plus de jeunes filles : 8 en 2025, et une dizaine vis\u00e9e pour 2026.<\/span><\/p><p dir=\"ltr\" style=\"line-height: 1.38; margin-top: 12pt; margin-bottom: 12pt;\"><span style=\"font-size: 11pt; font-family: Arial, sans-serif; color: #000000; background-color: transparent; font-weight: 400; font-style: normal; font-variant-ligatures: normal; font-variant-caps: normal; font-variant-alternates: normal; font-variant-numeric: normal; font-variant-east-asian: normal; font-variant-position: normal; text-decoration: none; vertical-align: baseline; white-space: pre-wrap;\">Les raisons de leur d\u00e9part sont multiples. Le plus souvent, ils ont pris la route pour fuir une menace grave contre leur int\u00e9grit\u00e9 physique ou morale. Ils arrivent en France seuls, sans adulte r\u00e9f\u00e9rent \u2014 ce qu&rsquo;on appelle des <\/span><span style=\"font-size: 11pt; font-family: Arial, sans-serif; color: #000000; background-color: transparent; font-weight: bold; font-style: normal; font-variant-ligatures: normal; font-variant-caps: normal; font-variant-alternates: normal; font-variant-numeric: normal; font-variant-east-asian: normal; font-variant-position: normal; text-decoration: none; vertical-align: baseline; white-space: pre-wrap;\">Mineurs Non Accompagn\u00e9s (MNA)<\/span><span style=\"font-size: 11pt; font-family: Arial, sans-serif; color: #000000; background-color: transparent; font-weight: 400; font-style: normal; font-variant-ligatures: normal; font-variant-caps: normal; font-variant-alternates: normal; font-variant-numeric: normal; font-variant-east-asian: normal; font-variant-position: normal; text-decoration: none; vertical-align: baseline; white-space: pre-wrap;\">.<\/span><\/p><p dir=\"ltr\" style=\"line-height: 1.38; margin-top: 12pt; margin-bottom: 12pt;\"><span style=\"font-size: 11pt; font-family: Arial, sans-serif; color: #000000; background-color: transparent; font-weight: 400; font-style: normal; font-variant-ligatures: normal; font-variant-caps: normal; font-variant-alternates: normal; font-variant-numeric: normal; font-variant-east-asian: normal; font-variant-position: normal; text-decoration: none; vertical-align: baseline; white-space: pre-wrap;\">Pour \u00eatre pris en charge par l&rsquo;Aide Sociale \u00e0 l&rsquo;Enfance, chaque jeune doit faire reconna\u00eetre sa minorit\u00e9 et son isolement. Une proc\u00e9dure longue et \u00e9puisante, que beaucoup n&rsquo;obtiennent pas favorablement. Durant ce temps d&rsquo;attente, ils se retrouvent \u00e0 la rue, sans h\u00e9bergement ni acc\u00e8s \u00e0 l&rsquo;\u00e9cole. C&rsquo;est l\u00e0 qu&rsquo;intervient le Centre Bernanos : accueillir ceux que le syst\u00e8me ne reconna\u00eet pas encore.<\/span><\/p>\t\t\t\t\t\t\t\t<\/div>\n\t\t\t\t<\/div>\n\t\t\t\t\t<\/div>\n\t\t<\/div>\n\t\t\t\t\t<\/div>\n\t\t<\/section>\n\t\t\t\t<section class=\"elementor-section elementor-top-section elementor-element elementor-element-560590de elementor-section-boxed elementor-section-height-default elementor-section-height-default\" data-id=\"560590de\" data-element_type=\"section\" data-e-type=\"section\" data-settings=\"{&quot;background_background&quot;:&quot;classic&quot;}\">\n\t\t\t\t\t\t<div class=\"elementor-container elementor-column-gap-default\">\n\t\t\t\t\t<div class=\"elementor-column elementor-col-100 elementor-top-column elementor-element elementor-element-3424a7cf\" data-id=\"3424a7cf\" data-element_type=\"column\" data-e-type=\"column\">\n\t\t\t<div class=\"elementor-widget-wrap elementor-element-populated\">\n\t\t\t\t\t\t<div class=\"elementor-element elementor-element-ceedff3 elementor-skin-carousel elementor-arrows-yes elementor-pagination-type-bullets elementor-pagination-position-outside elementor-widget elementor-widget-media-carousel\" data-id=\"ceedff3\" data-element_type=\"widget\" data-e-type=\"widget\" data-settings=\"{&quot;lazyload&quot;:&quot;yes&quot;,&quot;space_between&quot;:{&quot;unit&quot;:&quot;px&quot;,&quot;size&quot;:25,&quot;sizes&quot;:[]},&quot;space_between_tablet&quot;:{&quot;unit&quot;:&quot;px&quot;,&quot;size&quot;:25,&quot;sizes&quot;:[]},&quot;space_between_mobile&quot;:{&quot;unit&quot;:&quot;px&quot;,&quot;size&quot;:25,&quot;sizes&quot;:[]},&quot;skin&quot;:&quot;carousel&quot;,&quot;effect&quot;:&quot;slide&quot;,&quot;show_arrows&quot;:&quot;yes&quot;,&quot;pagination&quot;:&quot;bullets&quot;,&quot;speed&quot;:500,&quot;autoplay&quot;:&quot;yes&quot;,&quot;autoplay_speed&quot;:5000,&quot;loop&quot;:&quot;yes&quot;,&quot;pause_on_interaction&quot;:&quot;yes&quot;}\" data-widget_type=\"media-carousel.default\">\n\t\t\t\t<div class=\"elementor-widget-container\">\n\t\t\t\t\t\t\t<div class=\"elementor-swiper\">\n\t\t\t<div class=\"elementor-main-swiper swiper-container\">\n\t\t\t\t<div class=\"swiper-wrapper\">\n\t\t\t\t\t\t\t\t\t\t\t<div class=\"swiper-slide\">\n\t\t\t\t\t\t\t\t\t<div class=\"elementor-carousel-image swiper-lazy\" role=\"img\" aria-label=\"Capture d\u2019\u00e9cran 2024-03-15 \u00e0 14.51.56\" data-background=\"https:\/\/bernanos.org\/wp-content\/uploads\/2024\/03\/Capture-decran-2024-03-15-a-14.51.56.png\">\n\n\t\t\t\t\t\t\t<div class=\"swiper-lazy-preloader\"><\/div>\n\t\t\t\n\t\t\t\t\t<\/div>\n\t\t\t\t\t\t\t\t<\/div>\n\t\t\t\t\t\t\t\t\t\t\t<div class=\"swiper-slide\">\n\t\t\t\t\t\t\t\t\t<div class=\"elementor-carousel-image swiper-lazy\" role=\"img\" aria-label=\"Capture-decran-2024-05-22-a-10.49.32\" data-background=\"https:\/\/bernanos.org\/wp-content\/uploads\/2024\/05\/Capture-decran-2024-05-22-a-10.49.32.png\">\n\n\t\t\t\t\t\t\t<div class=\"swiper-lazy-preloader\"><\/div>\n\t\t\t\n\t\t\t\t\t<\/div>\n\t\t\t\t\t\t\t\t<\/div>\n\t\t\t\t\t\t\t\t\t\t\t<div class=\"swiper-slide\">\n\t\t\t\t\t\t\t\t\t<div class=\"elementor-carousel-image swiper-lazy\" role=\"img\" aria-label=\"332519305_2218582158332329_8262514908523279559_n\" data-background=\"https:\/\/bernanos.org\/wp-content\/uploads\/2024\/03\/332519305_2218582158332329_8262514908523279559_n.jpg\">\n\n\t\t\t\t\t\t\t<div class=\"swiper-lazy-preloader\"><\/div>\n\t\t\t\n\t\t\t\t\t<\/div>\n\t\t\t\t\t\t\t\t<\/div>\n\t\t\t\t\t\t\t\t\t\t\t<div class=\"swiper-slide\">\n\t\t\t\t\t\t\t\t\t<div class=\"elementor-carousel-image swiper-lazy\" role=\"img\" aria-label=\"Capture-decran-2024-05-22-a-10.53.09\" data-background=\"https:\/\/bernanos.org\/wp-content\/uploads\/2024\/05\/Capture-decran-2024-05-22-a-10.53.09.png\">\n\n\t\t\t\t\t\t\t<div class=\"swiper-lazy-preloader\"><\/div>\n\t\t\t\n\t\t\t\t\t<\/div>\n\t\t\t\t\t\t\t\t<\/div>\n\t\t\t\t\t\t\t\t\t<\/div>\n\t\t\t\t\t\t\t\t\t\t\t\t\t\t\t<div class=\"swiper-pagination\"><\/div>\n\t\t\t\t\t\t\t\t\t\t\t\t\t\t\t\t<div class=\"elementor-swiper-button elementor-swiper-button-prev\" role=\"button\" tabindex=\"0\">\n\t\t\t\t\t\t\t<i aria-hidden=\"true\" class=\"eicon-chevron-left\"><\/i>\t\t\t\t\t\t\t<span class=\"elementor-screen-only\">Pr\u00e9c\u00e9dent<\/span>\n\t\t\t\t\t\t<\/div>\n\t\t\t\t\t\t<div class=\"elementor-swiper-button elementor-swiper-button-next\" role=\"button\" tabindex=\"0\">\n\t\t\t\t\t\t\t<i aria-hidden=\"true\" class=\"eicon-chevron-right\"><\/i>\t\t\t\t\t\t\t<span class=\"elementor-screen-only\">Suivant<\/span>\n\t\t\t\t\t\t<\/div>\n\t\t\t\t\t\t\t\t\t\t\t\t<\/div>\n\t\t<\/div>\n\t\t\t\t\t\t<\/div>\n\t\t\t\t<\/div>\n\t\t\t\t<div class=\"elementor-element elementor-element-270caaa3 elementor-widget elementor-widget-heading\" data-id=\"270caaa3\" data-element_type=\"widget\" data-e-type=\"widget\" data-widget_type=\"heading.default\">\n\t\t\t\t<div class=\"elementor-widget-container\">\n\t\t\t\t\t<h2 class=\"elementor-heading-title elementor-size-default\">La prise en charge<\/h2>\t\t\t\t<\/div>\n\t\t\t\t<\/div>\n\t\t\t\t<div class=\"elementor-element elementor-element-27632ecd elementor-widget__width-initial elementor-widget elementor-widget-text-editor\" data-id=\"27632ecd\" data-element_type=\"widget\" data-e-type=\"widget\" data-widget_type=\"text-editor.default\">\n\t\t\t\t<div class=\"elementor-widget-container\">\n\t\t\t\t\t\t\t\t\t<p style=\"caret-color: #000000; color: #000000; font-style: normal; letter-spacing: normal;\">Chez Bernanos, on n&rsquo;accueille pas un dossier. On accueille une personne.<\/p><p style=\"caret-color: #000000; color: #000000; font-style: normal; letter-spacing: normal;\">Chaque jeune b\u00e9n\u00e9ficie d&rsquo;un accompagnement personnalis\u00e9, construit avec lui et suivi par un \u00e9ducateur r\u00e9f\u00e9rent. Cet accompagnement int\u00e9gral couvre toutes les dimensions de sa vie : mise \u00e0 l&rsquo;abri, alimentation, acc\u00e8s aux soins, scolarisation, formation professionnelle, suivi administratif et juridique, sport, loisirs, culture \u2014 et, \u00e0 terme, acc\u00e8s \u00e0 l&rsquo;autonomie : premier emploi, premier logement.<\/p><p style=\"caret-color: #000000; color: #000000; font-style: normal; letter-spacing: normal;\">Les jeunes arrivent orient\u00e9s par diff\u00e9rents acteurs : l&rsquo;association Th\u00e9mis, le service social de la gare, la Collectivit\u00e9 Europ\u00e9enne d&rsquo;Alsace, Caritas, des avocats, ou simplement par le bouche-\u00e0-oreille. Certaines arriv\u00e9es sont annonc\u00e9es, d&rsquo;autres surviennent de nuit, sans pr\u00e9avis. L&rsquo;accueil est inconditionnel, dans les limites mat\u00e9rielles de l&rsquo;association.<\/p><p style=\"caret-color: #000000; color: #000000; font-style: normal; letter-spacing: normal;\">En 2025,\u00a0<strong>53 jeunes<\/strong>\u00a0ont \u00e9t\u00e9 pris en charge au Centre Bernanos. Parmi eux, 45 % \u00e9taient scolaris\u00e9s ou en formation, 38 % suivis \u00e0 l&rsquo;ext\u00e9rieur \u2014 majoritairement en emploi \u2014 et 17 % en attente d&rsquo;une orientation scolaire.\u00a0<strong>100 % des jeunes scolaris\u00e9s ont r\u00e9ussi leur ann\u00e9e.<\/strong><\/p><p style=\"caret-color: #000000; color: #000000; font-style: normal; letter-spacing: normal;\">Sur le plan juridique, 2025 a \u00e9t\u00e9 une ann\u00e9e record :\u00a0<strong>7 jeunes ont obtenu la reconnaissance de leur minorit\u00e9<\/strong>\u00a0devant le Juge des Enfants ou la Cour d&rsquo;appel de Colmar, et\u00a0<strong>6 autres ont obtenu un premier titre de s\u00e9jour<\/strong>, leur ouvrant la voie vers l&#8217;emploi et l&rsquo;autonomie.<\/p>\t\t\t\t\t\t\t\t<\/div>\n\t\t\t\t<\/div>\n\t\t\t\t\t<\/div>\n\t\t<\/div>\n\t\t\t\t\t<\/div>\n\t\t<\/section>\n\t\t\t\t<section class=\"elementor-section elementor-top-section elementor-element elementor-element-1b814ae9 elementor-section-boxed elementor-section-height-default elementor-section-height-default\" data-id=\"1b814ae9\" data-element_type=\"section\" data-e-type=\"section\" data-settings=\"{&quot;background_background&quot;:&quot;classic&quot;}\">\n\t\t\t\t\t\t<div class=\"elementor-container elementor-column-gap-default\">\n\t\t\t\t\t<div class=\"elementor-column elementor-col-100 elementor-top-column elementor-element elementor-element-7d91ba1f\" data-id=\"7d91ba1f\" data-element_type=\"column\" data-e-type=\"column\">\n\t\t\t<div class=\"elementor-widget-wrap elementor-element-populated\">\n\t\t\t\t\t\t<div class=\"elementor-element elementor-element-34544b15 elementor-widget elementor-widget-heading\" data-id=\"34544b15\" data-element_type=\"widget\" data-e-type=\"widget\" data-widget_type=\"heading.default\">\n\t\t\t\t<div class=\"elementor-widget-container\">\n\t\t\t\t\t<h2 class=\"elementor-heading-title elementor-size-default\">Les possibilit\u00e9s d'h\u00e9bergement<\/h2>\t\t\t\t<\/div>\n\t\t\t\t<\/div>\n\t\t\t\t<div class=\"elementor-element elementor-element-7059589 elementor-widget elementor-widget-text-editor\" data-id=\"7059589\" data-element_type=\"widget\" data-e-type=\"widget\" data-widget_type=\"text-editor.default\">\n\t\t\t\t<div class=\"elementor-widget-container\">\n\t\t\t\t\t\t\t\t\t<p style=\"color:#ffffff;\">Au sein du Centre Bernanos, le b\u00e2timent accueille aujourd&rsquo;hui <strong>36 jeunes sur place<\/strong> : 16 gar\u00e7ons en dortoir au rez-de-chauss\u00e9e, et 20 r\u00e9sidents dans les \u00e9tages \u2014 dont 10 jeunes filles (8 mineures) et 10 jeunes majeurs accompagn\u00e9s vers l&rsquo;autonomie. Des espaces communs sont d\u00e9di\u00e9s aux loisirs, au soutien scolaire et au sport.<\/p>\n\n<p style=\"color:#ffffff;\"><strong>H\u00e9bergement solidaire<\/strong> Des jeunes sont \u00e9galement log\u00e9s \u00e0 l&rsquo;ext\u00e9rieur, chez des h\u00e9bergeurs solidaires, tout en continuant d&rsquo;\u00eatre suivis par l&rsquo;\u00e9quipe \u00e9ducative. Cette solution leur permet de cr\u00e9er des liens avec des familles ou des colocataires, et favorise leur int\u00e9gration progressive dans la soci\u00e9t\u00e9 strasbourgeoise. Une dizaine de jeunes b\u00e9n\u00e9ficient actuellement de ce dispositif.<\/p>\n\n<p style=\"color:#ffffff;\"><strong>Orientation apr\u00e8s Bernanos<\/strong> Le Centre ne proc\u00e8de pas \u00e0 des sorties \u00ab\u00a0s\u00e8ches\u00a0\u00bb. Chaque jeune est accompagn\u00e9 jusqu&rsquo;\u00e0 son autonomie r\u00e9elle : recherche d&rsquo;appartement, orientation vers un Foyer de Jeunes Travailleurs, colocation solidaire. En 2025, <strong>5 jeunes ont quitt\u00e9 Bernanos pour un logement autonome<\/strong>.<\/p>\t\t\t\t\t\t\t\t<\/div>\n\t\t\t\t<\/div>\n\t\t\t\t<div class=\"elementor-element elementor-element-1a4dbe2 elementor-widget elementor-widget-toggle\" data-id=\"1a4dbe2\" data-element_type=\"widget\" data-e-type=\"widget\" data-widget_type=\"toggle.default\">\n\t\t\t\t<div class=\"elementor-widget-container\">\n\t\t\t\t\t\t\t<div class=\"elementor-toggle\">\n\t\t\t\t\t\t\t<div class=\"elementor-toggle-item\">\n\t\t\t\t\t<div id=\"elementor-tab-title-2751\" class=\"elementor-tab-title\" data-tab=\"1\" role=\"button\" aria-controls=\"elementor-tab-content-2751\" aria-expanded=\"false\">\n\t\t\t\t\t\t\t\t\t\t\t\t<span class=\"elementor-toggle-icon elementor-toggle-icon-left\" aria-hidden=\"true\">\n\t\t\t\t\t\t\t\t\t\t\t\t\t\t\t<span class=\"elementor-toggle-icon-closed\"><i class=\"fas fa-caret-right\"><\/i><\/span>\n\t\t\t\t\t\t\t\t<span class=\"elementor-toggle-icon-opened\"><i class=\"elementor-toggle-icon-opened fas fa-caret-up\"><\/i><\/span>\n\t\t\t\t\t\t\t\t\t\t\t\t\t<\/span>\n\t\t\t\t\t\t\t\t\t\t\t\t<a class=\"elementor-toggle-title\" tabindex=\"0\">EN DORTOIR AU CENTRE<\/a>\n\t\t\t\t\t<\/div>\n\n\t\t\t\t\t<div id=\"elementor-tab-content-2751\" class=\"elementor-tab-content elementor-clearfix\" data-tab=\"1\" role=\"region\" aria-labelledby=\"elementor-tab-title-2751\"><\/div>\n\t\t\t\t<\/div>\n\t\t\t\t\t\t\t\t<\/div>\n\t\t\t\t\t\t<\/div>\n\t\t\t\t<\/div>\n\t\t\t\t\t<\/div>\n\t\t<\/div>\n\t\t\t\t\t<\/div>\n\t\t<\/section>\n\t\t\t\t<section class=\"elementor-section elementor-top-section elementor-element elementor-element-91a7d46 elementor-section-boxed elementor-section-height-default elementor-section-height-default\" data-id=\"91a7d46\" data-element_type=\"section\" data-e-type=\"section\">\n\t\t\t\t\t\t<div class=\"elementor-container elementor-column-gap-default\">\n\t\t\t\t\t<div class=\"elementor-column elementor-col-100 elementor-top-column elementor-element elementor-element-006a4ff\" data-id=\"006a4ff\" data-element_type=\"column\" data-e-type=\"column\">\n\t\t\t<div class=\"elementor-widget-wrap elementor-element-populated\">\n\t\t\t\t\t\t<div class=\"elementor-element elementor-element-632eae8 elementor-widget elementor-widget-image\" data-id=\"632eae8\" data-element_type=\"widget\" data-e-type=\"widget\" data-widget_type=\"image.default\">\n\t\t\t\t<div class=\"elementor-widget-container\">\n\t\t\t\t\t\t\t\t\t\t\t\t\t\t\t<img fetchpriority=\"high\" decoding=\"async\" width=\"3025\" height=\"2600\" src=\"https:\/\/bernanos.org\/wp-content\/uploads\/2024\/07\/Bernanos-Les_Jeunes-Section_4-Parcours-Infographie_Titre_Legende@2x.png\" class=\"attachment-full size-full wp-image-2604\" alt=\"\" srcset=\"https:\/\/bernanos.org\/wp-content\/uploads\/2024\/07\/Bernanos-Les_Jeunes-Section_4-Parcours-Infographie_Titre_Legende@2x.png 3025w, https:\/\/bernanos.org\/wp-content\/uploads\/2024\/07\/Bernanos-Les_Jeunes-Section_4-Parcours-Infographie_Titre_Legende@2x-300x258.png 300w, https:\/\/bernanos.org\/wp-content\/uploads\/2024\/07\/Bernanos-Les_Jeunes-Section_4-Parcours-Infographie_Titre_Legende@2x-1024x880.png 1024w, https:\/\/bernanos.org\/wp-content\/uploads\/2024\/07\/Bernanos-Les_Jeunes-Section_4-Parcours-Infographie_Titre_Legende@2x-768x660.png 768w, https:\/\/bernanos.org\/wp-content\/uploads\/2024\/07\/Bernanos-Les_Jeunes-Section_4-Parcours-Infographie_Titre_Legende@2x-1536x1320.png 1536w, https:\/\/bernanos.org\/wp-content\/uploads\/2024\/07\/Bernanos-Les_Jeunes-Section_4-Parcours-Infographie_Titre_Legende@2x-2048x1760.png 2048w\" sizes=\"(max-width: 3025px) 100vw, 3025px\" \/>\t\t\t\t\t\t\t\t\t\t\t\t\t\t\t<\/div>\n\t\t\t\t<\/div>\n\t\t\t\t\t<\/div>\n\t\t<\/div>\n\t\t\t\t\t<\/div>\n\t\t<\/section>\n\t\t\t\t<section class=\"elementor-section elementor-top-section elementor-element elementor-element-29a9808 elementor-section-boxed elementor-section-height-default elementor-section-height-default\" data-id=\"29a9808\" data-element_type=\"section\" data-e-type=\"section\" data-settings=\"{&quot;background_background&quot;:&quot;classic&quot;}\">\n\t\t\t\t\t\t<div class=\"elementor-container elementor-column-gap-default\">\n\t\t\t\t\t<div class=\"elementor-column elementor-col-100 elementor-top-column elementor-element elementor-element-a93a7b9\" data-id=\"a93a7b9\" data-element_type=\"column\" data-e-type=\"column\">\n\t\t\t<div class=\"elementor-widget-wrap elementor-element-populated\">\n\t\t\t\t\t\t<div class=\"elementor-element elementor-element-be6f7c7 elementor-widget elementor-widget-image\" data-id=\"be6f7c7\" data-element_type=\"widget\" data-e-type=\"widget\" data-widget_type=\"image.default\">\n\t\t\t\t<div class=\"elementor-widget-container\">\n\t\t\t\t\t\t\t\t\t\t\t\t\t\t\t<img decoding=\"async\" width=\"3020\" height=\"1592\" src=\"https:\/\/bernanos.org\/wp-content\/uploads\/2024\/07\/Bernanos-Les_Jeunes-Section_5-Chiffres_Cles-Infographie_Titre_Legende@2x.png\" class=\"attachment-full size-full wp-image-2603\" alt=\"\" srcset=\"https:\/\/bernanos.org\/wp-content\/uploads\/2024\/07\/Bernanos-Les_Jeunes-Section_5-Chiffres_Cles-Infographie_Titre_Legende@2x.png 3020w, https:\/\/bernanos.org\/wp-content\/uploads\/2024\/07\/Bernanos-Les_Jeunes-Section_5-Chiffres_Cles-Infographie_Titre_Legende@2x-300x158.png 300w, https:\/\/bernanos.org\/wp-content\/uploads\/2024\/07\/Bernanos-Les_Jeunes-Section_5-Chiffres_Cles-Infographie_Titre_Legende@2x-1024x540.png 1024w, https:\/\/bernanos.org\/wp-content\/uploads\/2024\/07\/Bernanos-Les_Jeunes-Section_5-Chiffres_Cles-Infographie_Titre_Legende@2x-768x405.png 768w, https:\/\/bernanos.org\/wp-content\/uploads\/2024\/07\/Bernanos-Les_Jeunes-Section_5-Chiffres_Cles-Infographie_Titre_Legende@2x-1536x810.png 1536w, https:\/\/bernanos.org\/wp-content\/uploads\/2024\/07\/Bernanos-Les_Jeunes-Section_5-Chiffres_Cles-Infographie_Titre_Legende@2x-2048x1080.png 2048w\" sizes=\"(max-width: 3020px) 100vw, 3020px\" \/>\t\t\t\t\t\t\t\t\t\t\t\t\t\t\t<\/div>\n\t\t\t\t<\/div>\n\t\t\t\t\t<\/div>\n\t\t<\/div>\n\t\t\t\t\t<\/div>\n\t\t<\/section>\n\t\t\t\t<section class=\"elementor-section elementor-top-section elementor-element elementor-element-9030f21 elementor-section-boxed elementor-section-height-default elementor-section-height-default\" data-id=\"9030f21\" data-element_type=\"section\" data-e-type=\"section\" data-settings=\"{&quot;background_background&quot;:&quot;classic&quot;}\">\n\t\t\t\t\t\t<div class=\"elementor-container elementor-column-gap-default\">\n\t\t\t\t\t<div class=\"elementor-column elementor-col-100 elementor-top-column elementor-element elementor-element-c851059\" data-id=\"c851059\" data-element_type=\"column\" data-e-type=\"column\">\n\t\t\t<div class=\"elementor-widget-wrap elementor-element-populated\">\n\t\t\t\t\t\t<div class=\"elementor-element elementor-element-720c28f elementor-widget__width-inherit elementor-widget elementor-widget-theme-post-featured-image elementor-widget-image\" data-id=\"720c28f\" data-element_type=\"widget\" data-e-type=\"widget\" data-widget_type=\"theme-post-featured-image.default\">\n\t\t\t\t<div class=\"elementor-widget-container\">\n\t\t\t\t\t\t\t\t\t\t\t\t\t\t\t<img decoding=\"async\" width=\"1920\" height=\"1140\" src=\"https:\/\/bernanos.org\/wp-content\/uploads\/2024\/07\/Bernanos-Les_Jeunes-Bas_de_page-Photo_XL.jpg\" class=\"attachment-full size-full wp-image-2611\" alt=\"\" srcset=\"https:\/\/bernanos.org\/wp-content\/uploads\/2024\/07\/Bernanos-Les_Jeunes-Bas_de_page-Photo_XL.jpg 1920w, https:\/\/bernanos.org\/wp-content\/uploads\/2024\/07\/Bernanos-Les_Jeunes-Bas_de_page-Photo_XL-300x178.jpg 300w, https:\/\/bernanos.org\/wp-content\/uploads\/2024\/07\/Bernanos-Les_Jeunes-Bas_de_page-Photo_XL-1024x608.jpg 1024w, https:\/\/bernanos.org\/wp-content\/uploads\/2024\/07\/Bernanos-Les_Jeunes-Bas_de_page-Photo_XL-768x456.jpg 768w, https:\/\/bernanos.org\/wp-content\/uploads\/2024\/07\/Bernanos-Les_Jeunes-Bas_de_page-Photo_XL-1536x912.jpg 1536w\" sizes=\"(max-width: 1920px) 100vw, 1920px\" \/>\t\t\t\t\t\t\t\t\t\t\t\t\t\t\t<\/div>\n\t\t\t\t<\/div>\n\t\t\t\t\t<\/div>\n\t\t<\/div>\n\t\t\t\t\t<\/div>\n\t\t<\/section>\n\t\t\t\t<\/div>\n\t\t","protected":false},"excerpt":{"rendered":"<p>Les Jeunes Pr\u00e9c\u00e9dent Suivant Les jeunes accueillis En f\u00e9vrier 2016, un jeune Camerounais de 14 ans a frapp\u00e9 \u00e0 la porte du Centre Bernanos. Il venait d&rsquo;arriver \u00e0 Strasbourg seul, sans famille, sans droits. Dix ans plus tard, il a un m\u00e9tier, un logement \u2014 et repasse r\u00e9guli\u00e8rement \u00e0 Bernanos, sa maison. Depuis, plus de &hellip;<\/p>\n<p class=\"read-more\"> <a class=\"\" href=\"https:\/\/bernanos.org\/index.php\/les_jeunes\/\"> <span class=\"screen-reader-text\">Les Jeunes<\/span> Lire la suite\u00a0\u00bb<\/a><\/p>\n","protected":false},"author":9,"featured_media":0,"parent":0,"menu_order":0,"comment_status":"closed","ping_status":"closed","template":"","meta":{"site-sidebar-layout":"no-sidebar","site-content-layout":"page-builder","ast-global-header-display":"","ast-main-header-display":"","ast-hfb-above-header-display":"","ast-hfb-below-header-display":"","ast-hfb-mobile-header-display":"","site-post-title":"disabled","ast-breadcrumbs-content":"","ast-featured-img":"disabled","footer-sml-layout":"","theme-transparent-header-meta":"","adv-header-id-meta":"","stick-header-meta":"","header-above-stick-meta":"","header-main-stick-meta":"","header-below-stick-meta":"","footnotes":""},"class_list":["post-2487","page","type-page","status-publish","hentry"],"_links":{"self":[{"href":"https:\/\/bernanos.org\/index.php\/wp-json\/wp\/v2\/pages\/2487","targetHints":{"allow":["GET"]}}],"collection":[{"href":"https:\/\/bernanos.org\/index.php\/wp-json\/wp\/v2\/pages"}],"about":[{"href":"https:\/\/bernanos.org\/index.php\/wp-json\/wp\/v2\/types\/page"}],"author":[{"embeddable":true,"href":"https:\/\/bernanos.org\/index.php\/wp-json\/wp\/v2\/users\/9"}],"replies":[{"embeddable":true,"href":"https:\/\/bernanos.org\/index.php\/wp-json\/wp\/v2\/comments?post=2487"}],"version-history":[{"count":99,"href":"https:\/\/bernanos.org\/index.php\/wp-json\/wp\/v2\/pages\/2487\/revisions"}],"predecessor-version":[{"id":3634,"href":"https:\/\/bernanos.org\/index.php\/wp-json\/wp\/v2\/pages\/2487\/revisions\/3634"}],"wp:attachment":[{"href":"https:\/\/bernanos.org\/index.php\/wp-json\/wp\/v2\/media?parent=2487"}],"curies":[{"name":"wp","href":"https:\/\/api.w.org\/{rel}","templated":true}]}}